{"id":682,"date":"2022-05-12T11:56:45","date_gmt":"2022-05-12T09:56:45","guid":{"rendered":"https:\/\/projetcefel.eu\/?page_id=682"},"modified":"2022-05-12T11:57:01","modified_gmt":"2022-05-12T09:57:01","slug":"activites","status":"publish","type":"page","link":"https:\/\/projetcefel.eu\/fr\/activites\/","title":{"rendered":"ACTIVITES"},"content":{"rendered":"<p>[vc_row full_screen_section_height=\u00a0\u00bbno\u00a0\u00bb][vc_column][vc_column_text]Recherche, enqu\u00eate et cycle d\u2019\u00e9change d&rsquo;exp\u00e9riences et de bonnes pratiques<br \/>\nRenforcement du partenariat et mise en place de plateformes communes entre les structures de formation et les entreprises.<br \/>\n\u2022 Tableau technico-scientifique interinstitutionnel pour l&rsquo;identification des besoins de formation.<br \/>\n\u2022 Plate-forme technologique commune.<br \/>\n\u2022 Un network de stakeholders au niveau local et international.<\/p>\n<h5>FORMATION PROFESSIONNELLE<\/h5>\n<p>Mise en place de parcours de formation communs et d\u00e9finition d&rsquo;un mod\u00e8le formatif r\u00e9p\u00e9table dans les ans suivants.<br \/>\n3 cours seront activ\u00e9s :<br \/>\n\u2022 1 cours bref destin\u00e9 aux entreprises du secteur de la fourniture de biens et services ;<br \/>\n\u2022 1 formation professionnelle (3 profils) pour jeunes dipl\u00f4m\u00e9s et licences ;<br \/>\n\u2022 1 cours bref pour les employ\u00e9s des sites du patrimoine culturel<\/p>\n<h5>CREATION D\u2019ENTREPRISE<\/h5>\n<p>Les activit\u00e9s de formation se termineront donc par un mois d&rsquo;exp\u00e9rimentation et de pratique (fouilles, visites \u00e9ducatives, produits et services, utilisation des nouvelles technologies TIC, etc.). Cette activit\u00e9 a \u00e9galement pour objectif de cr\u00e9er deux start-ups dans le domaine de la production de biens et services pour les gestionnaires de sites arch\u00e9ologiques.<br \/>\n\u2022 Identification de nouveaux produits\/services dans le domaine du patrimoine culturel susceptibles de g\u00e9n\u00e9rer des perspectives d&#8217;emploi, avec une r\u00e9f\u00e9rence particuli\u00e8re aux possibilit\u00e9s offertes par l&rsquo;arch\u00e9ologie publique<br \/>\n\u2022 Deux start-ups pour la gestion innovante du patrimoine culturel.[\/vc_column_text][\/vc_column][\/vc_row][vc_row full_screen_section_height=\u00a0\u00bbno\u00a0\u00bb][vc_column][vc_empty_space height=\u00a0\u00bb60px\u00a0\u00bb][\/vc_column][\/vc_row]<\/p>\n","protected":false},"excerpt":{"rendered":"<p>[vc_row full_screen_section_height=\u00a0\u00bbno\u00a0\u00bb][vc_column][vc_column_text]Recherche, enqu\u00eate et cycle d\u2019\u00e9change d&rsquo;exp\u00e9riences et de bonnes pratiques Renforcement du partenariat et mise en place de plateformes communes entre les structures de formation et les entreprises. \u2022 Tableau technico-scientifique interinstitutionnel pour l&rsquo;identification des besoins de formation. \u2022 Plate-forme technologique commune. \u2022 Un&#8230;<\/p>\n","protected":false},"author":1,"featured_media":0,"parent":0,"menu_order":0,"comment_status":"closed","ping_status":"closed","template":"","meta":{"inline_featured_image":false},"_links":{"self":[{"href":"https:\/\/projetcefel.eu\/fr\/wp-json\/wp\/v2\/pages\/682"}],"collection":[{"href":"https:\/\/projetcefel.eu\/fr\/wp-json\/wp\/v2\/pages"}],"about":[{"href":"https:\/\/projetcefel.eu\/fr\/wp-json\/wp\/v2\/types\/page"}],"author":[{"embeddable":true,"href":"https:\/\/projetcefel.eu\/fr\/wp-json\/wp\/v2\/users\/1"}],"replies":[{"embeddable":true,"href":"https:\/\/projetcefel.eu\/fr\/wp-json\/wp\/v2\/comments?post=682"}],"version-history":[{"count":1,"href":"https:\/\/projetcefel.eu\/fr\/wp-json\/wp\/v2\/pages\/682\/revisions"}],"predecessor-version":[{"id":683,"href":"https:\/\/projetcefel.eu\/fr\/wp-json\/wp\/v2\/pages\/682\/revisions\/683"}],"wp:attachment":[{"href":"https:\/\/projetcefel.eu\/fr\/wp-json\/wp\/v2\/media?parent=682"}],"curies":[{"name":"wp","href":"https:\/\/api.w.org\/{rel}","templated":true}]}}