{"id":549,"date":"2022-04-05T13:11:34","date_gmt":"2022-04-05T11:11:34","guid":{"rendered":"https:\/\/projetcefel.eu\/?page_id=549"},"modified":"2022-05-12T12:19:28","modified_gmt":"2022-05-12T10:19:28","slug":"partenaires","status":"publish","type":"page","link":"https:\/\/projetcefel.eu\/fr\/partenaires\/","title":{"rendered":"PARTENAIRES"},"content":{"rendered":"<p>[vc_row full_screen_section_height=\u00a0\u00bbno\u00a0\u00bb css=\u00a0\u00bb.vc_custom_1649665509885{padding-top: 50px !important;padding-bottom: 50px !important;}\u00a0\u00bb][vc_column width=\u00a0\u00bb1\/4&Prime;][vc_column_text]<\/p>\n<p style=\"text-align: justify;\"><img loading=\"lazy\" class=\"wp-image-610 aligncenter\" src=\"https:\/\/projetcefel.eu\/wp-content\/uploads\/2022\/04\/LOGO_ECUA-300x220.png\" alt=\"\" width=\"120\" height=\"88\" srcset=\"https:\/\/projetcefel.eu\/wp-content\/uploads\/2022\/04\/LOGO_ECUA-300x220.png 300w, https:\/\/projetcefel.eu\/wp-content\/uploads\/2022\/04\/LOGO_ECUA-768x562.png 768w, https:\/\/projetcefel.eu\/wp-content\/uploads\/2022\/04\/LOGO_ECUA.png 900w\" sizes=\"(max-width: 120px) 100vw, 120px\" \/><\/p>\n<p>[\/vc_column_text][\/vc_column][vc_column width=\u00a0\u00bb3\/4&Prime;][vc_column_text]<\/p>\n<p style=\"text-align: justify;\"><strong>Le Consortium Universitaire Empedocle Agrigento<\/strong> est un organisme public fond\u00e9 en 1994 dans le but de promouvoir l&rsquo;\u00e9tablissement \u00e0 but non lucratif dans la province d&rsquo;Agrigente de d\u00e9partements, fili\u00e8res d&rsquo;\u00e9tudes, \u00e9coles doctorales, masters, fili\u00e8res postuniversitaires et fili\u00e8res doctorales. Le Consortium, chef de file du projet CEFEL, promeut des activit\u00e9s visant le d\u00e9veloppement progressif de la recherche et de l&rsquo;innovation technologique, l&rsquo;optimisation prudente de l&rsquo;offre de formation, l&rsquo;am\u00e9lioration progressive des services, le lancement d&rsquo;importants processus d&rsquo;internationalisation et la connexion avec le monde du travail et affaires. L&rsquo;ECUA apporte au projet ses comp\u00e9tences sp\u00e9cifiques dans le domaine de la gestion de projets de coop\u00e9ration internationale et de la gestion sp\u00e9cifique li\u00e9e au monde du patrimoine culturel. Il apporte \u00e9galement ses comp\u00e9tences techniques dans la gestion de l&rsquo;offre de formation et dans les relations interinstitutionnelles avec les partenaires et est \u00e9galement responsable de tous les aspects relatifs \u00e0 la gestion et \u00e0 la mise en \u0153uvre des activit\u00e9s du projet. En plus des cursus dipl\u00f4mants, le Consortium a dans sa mission institutionnelle la gestion de centres de recherche scientifique et la promotion de la culture au service du territoire en collaboration avec des universit\u00e9s et autres organismes nationaux et internationaux de haute profondeur culturelle. A cette fin, le Consortium promeut des activit\u00e9s en collaboration avec des entit\u00e9s publiques et priv\u00e9es visant \u00e0 la valorisation du patrimoine culturel, mat\u00e9riel et immat\u00e9riel, \u00e0 la valorisation des ressources humaines, scientifiques et artistiques, \u00e0 l&rsquo;identification de nouveaux d\u00e9bouch\u00e9s scientifiques et professionnels li\u00e9s au potentiel offert par le territoire. . Dans ce contexte, les relations entrelac\u00e9es, entre autres entit\u00e9s, avec le Parc Arch\u00e9ologique et Paysager de la Vall\u00e9e des Temples, avec lequel une s\u00e9rie de relations de collaboration visant \u00e0 promouvoir le d\u00e9veloppement d&rsquo;une culture de protection durable du patrimoine, rev\u00eatent une importance strat\u00e9gique. mat\u00e9riel qui comprend, d&rsquo;une part, la contamination avec le riche patrimoine immat\u00e9riel local, et d&rsquo;autre part, l&rsquo;exp\u00e9rimentation de formes d&rsquo;utilisation innovantes \u00e0 des fins de formation. Le Consortium a \u00e9galement promu la cr\u00e9ation d&rsquo;un Centre d&rsquo;\u00e9tudes m\u00e9diterran\u00e9ennes, dans le but de devenir un point de r\u00e9f\u00e9rence pour les institutions culturelles m\u00e9diterran\u00e9ennes pour l&rsquo;\u00e9tablissement de relations de collaboration et de partenariat dans le secteur culturel. Dans une optique de valorisation des ressources humaines, le Consortium s&rsquo;investit depuis un certain temps dans la recherche de talents avec qui partager actions et objectifs.<\/p>\n<p>[\/vc_column_text][\/vc_column][\/vc_row][vc_row full_screen_section_height=\u00a0\u00bbno\u00a0\u00bb css=\u00a0\u00bb.vc_custom_1649665518885{padding-top: 50px !important;padding-bottom: 50px !important;}\u00a0\u00bb][vc_column width=\u00a0\u00bb1\/4&Prime;][vc_column_text]<img loading=\"lazy\" class=\"wp-image-611 aligncenter\" src=\"https:\/\/projetcefel.eu\/wp-content\/uploads\/2022\/04\/logo-Parco-300x72.png\" alt=\"\" width=\"275\" height=\"66\" srcset=\"https:\/\/projetcefel.eu\/wp-content\/uploads\/2022\/04\/logo-Parco-300x72.png 300w, https:\/\/projetcefel.eu\/wp-content\/uploads\/2022\/04\/logo-Parco.png 596w\" sizes=\"(max-width: 275px) 100vw, 275px\" \/>[\/vc_column_text][\/vc_column][vc_column width=\u00a0\u00bb3\/4&Prime;][vc_column_text]<\/p>\n<p style=\"text-align: justify;\"><strong>Le Parc Arch\u00e9ologique et Paysager de la Vall\u00e9e des Temples<\/strong> a \u00e9t\u00e9 cr\u00e9\u00e9 par la loi r\u00e9gionale n\u00b0 20 du 3 novembre 2000 et a parmi ses principaux objectifs la protection et la mise en valeur du patrimoine arch\u00e9ologique, paysager et environnemental du site, auquel s\u2019ajoutent l\u2019identification, la conservation, les \u00e9tudes et la recherche du patrimoine arch\u00e9ologique, paysage et environnement \u00e0 des fins scientifiques et culturelles. La m\u00eame loi a dot\u00e9 le parc d\u2019une autonomie financi\u00e8re, administrative et scientifique, de sorte que le parc peut investir directement dans la recherche, l\u2019entretien, la restauration, la communication des recettes des flux de visiteurs, offrant la possibilit\u00e9 non seulement d\u2019op\u00e9rer plus efficacement pour la protection et la sauvegarde du patrimoine arch\u00e9ologique, mais aussi de travailler pour son meilleur la promotion et l\u2019investissement d\u2019argent et d\u2019\u00e9nergie dans les activit\u00e9s de recherche, de communication et d\u2019enseignement. S\u2019\u00e9tendant sur environ 1300 hectares, le parc prot\u00e8ge et met en valeur ensemble les vestiges arch\u00e9ologiques de l\u2019ancienne ville d\u2019Akragas \/ Agrigentum et le paysage agricole traditionnel dans lequel ils sont immerg\u00e9s ; dans cette activit\u00e9, le parc a \u00e9galement impliqu\u00e9 des citoyens et des entreprises locales dans le projet Agri \/gentium, qui pr\u00e9voit l\u2019attribution aux citoyens de parcelles de terre \u00e0 utiliser \u00e0 des fins mara\u00eech\u00e8res. La valorisation des productions agricoles traditionnelles traduite en termes d\u2019excellence est alors le c\u0153ur du projet Diodoros, une marque qui identifie les produits du Parc, et en particulier l\u2019huile et le vin, fabriqu\u00e9s en collaboration avec des entreprises locales et commercialis\u00e9s depuis 2014. Un projet r\u00e9compens\u00e9 en 2018 par le Prix National du Paysage et qui a re\u00e7u une mention sp\u00e9ciale du Conseil de l\u2019Europe \u00ab pour le d\u00e9veloppement durable et l\u2019int\u00e9gration sociale \u00bb. Aujourd\u2019hui, l\u2019activit\u00e9 du parc est complexe et multiforme et va de l\u2019entretien programm\u00e9 des monuments et du paysage \u00e0 la recherche, men\u00e9e \u00e0 la fois directement et en collaboration avec diverses universit\u00e9s italiennes et europ\u00e9ennes, \u00e0 l\u2019enseignement du patrimoine, \u00e0 la communication scientifique, \u00e0 l\u2019organisation de s\u00e9minaires et de conf\u00e9rences, jusqu\u2019\u00e0 la programmation, en particulier pendant l\u2019\u00e9t\u00e9, d\u2019une riche offre d\u2019\u00e9v\u00e9nements culturels. Gr\u00e2ce \u00e0 tout cela, le parc a gagn\u00e9 l\u2019attention et l\u2019int\u00e9r\u00eat de la communaut\u00e9 scientifique internationale, ainsi qu\u2019une augmentation constante du nombre de visiteurs qui, en 2019, avant la pand\u00e9mie, avaient presque atteint le nombre d\u2019un million par an. Depuis 2019, le parc g\u00e8re \u00e9galement environ 40 sites arch\u00e9ologiques dans la province, dont Eraclea Minoa.<\/p>\n<p>[\/vc_column_text][\/vc_column][\/vc_row][vc_row full_screen_section_height=\u00a0\u00bbno\u00a0\u00bb css=\u00a0\u00bb.vc_custom_1649665518885{padding-top: 50px !important;padding-bottom: 50px !important;}\u00a0\u00bb][vc_column width=\u00a0\u00bb1\/4&Prime;][vc_column_text]<img loading=\"lazy\" class=\"wp-image-609 aligncenter\" src=\"https:\/\/projetcefel.eu\/wp-content\/uploads\/2022\/04\/LOGO-POLO-TERRITORIALE-AGRIGENTO-300x151.jpg\" alt=\"\" width=\"175\" height=\"89\" srcset=\"https:\/\/projetcefel.eu\/wp-content\/uploads\/2022\/04\/LOGO-POLO-TERRITORIALE-AGRIGENTO-300x151.jpg 300w, https:\/\/projetcefel.eu\/wp-content\/uploads\/2022\/04\/LOGO-POLO-TERRITORIALE-AGRIGENTO-768x386.jpg 768w, https:\/\/projetcefel.eu\/wp-content\/uploads\/2022\/04\/LOGO-POLO-TERRITORIALE-AGRIGENTO.jpg 950w\" sizes=\"(max-width: 175px) 100vw, 175px\" \/>[\/vc_column_text][\/vc_column][vc_column width=\u00a0\u00bb3\/4&Prime;][vc_column_text]<\/p>\n<p style=\"text-align: justify;\"><strong>L\u2019Universit\u00e9 de Palerme\u00a0<\/strong>offre aux \u00e9tudiants un cours de formation orient\u00e9 vers l\u2019arch\u00e9ologie, qui est d\u00e9velopp\u00e9 \u00e0 travers un cours de dipl\u00f4me de trois ans (patrimoine culturel : connaissance, gestion, am\u00e9lioration) et un cours de ma\u00eetrise (arch\u00e9ologie) actif \u00e0 Palerme. Le cours de trois ans vise \u00e0 fournir une formation de base compl\u00e8te et solide dans les domaines disciplinaires li\u00e9s au patrimoine culturel, visant \u00e0 la connaissance, la gestion et la mise en valeur du patrimoine, en particulier \u00e0 travers les enseignements fournis dans le programme historico-arch\u00e9ologique. Le cours de formation est compl\u00e9t\u00e9 par le cours de ma\u00eetrise, qui vise \u00e0 assurer une formation sp\u00e9cialis\u00e9e compl\u00e8te en arch\u00e9ologie, de la pr\u00e9histoire \u00e0 l\u2019Antiquit\u00e9 tardive et \u00e0 l\u2019\u00e2ge m\u00e9di\u00e9val, ainsi que des m\u00e9thodologies et des techniques appliqu\u00e9es. Les aspects m\u00e9thodologiques et applicatifs s\u2019expriment dans l\u2019apport des connaissances techniques et scientifiques, de l\u2019arch\u00e9ologie virtuelle \u00e0 la pal\u00e9oanthropologie, en passant par les sciences physiques, chimiques et botaniques appliqu\u00e9es \u00e0 l\u2019arch\u00e9ologie. Dans les deux cours, les \u00e9tudiants peuvent faire des exp\u00e9riences \u00e9ducatives \u00e0 l\u2019\u00e9tranger (France, Allemagne, Pologne, Espagne, Su\u00e8de, Suisse), en profitant du programme Erasmus et d\u2019autres accords internationaux. En outre, avec le Master, ils peuvent b\u00e9n\u00e9ficier de l\u2019accord avec l\u2019Universit\u00e9 de G\u00f6ttingen (Allemagne) pour l\u2019attribution du titre de double dipl\u00f4me. Dans les deux cours, les \u00e9tudiants ont la possibilit\u00e9, \u00e0 travers des activit\u00e9s de laboratoire, des pratiques de terrain (fouilles et recherches d\u2019arch\u00e9ologie du paysage, non seulement en Sicile, mais aussi en Gr\u00e8ce et en Tunisie) et un stage final dans une institution (Superintendances, Mus\u00e9es, Parcs, Fondations) op\u00e9rant dans le domaine de la protection et de la mise en valeur du patrimoine culturel, d\u2019acqu\u00e9rir les principales m\u00e9thodes de r\u00e9cup\u00e9ration et de conservation, l\u2019analyse et la classification, la gestion, la communication et la mise en valeur du bien arch\u00e9ologique, ainsi que l\u2019exp\u00e9rience de la pratique de la recherche arch\u00e9ologique et l\u2019entr\u00e9e en contact direct avec le monde du travail. Les deux cours pr\u00e9parent \u00e0 la profession d\u2019arch\u00e9ologue, d\u2019anthropologue physique, de communicateur du patrimoine culturel et arch\u00e9ologique.<\/p>\n<p>[\/vc_column_text][\/vc_column][\/vc_row][vc_row full_screen_section_height=\u00a0\u00bbno\u00a0\u00bb css=\u00a0\u00bb.vc_custom_1649665518885{padding-top: 50px !important;padding-bottom: 50px !important;}\u00a0\u00bb][vc_column width=\u00a0\u00bb1\/4&Prime;][vc_column_text]<img loading=\"lazy\" class=\"wp-image-613 aligncenter\" src=\"https:\/\/projetcefel.eu\/wp-content\/uploads\/2022\/04\/INP-300x225.jpg\" alt=\"\" width=\"149\" height=\"112\" srcset=\"https:\/\/projetcefel.eu\/wp-content\/uploads\/2022\/04\/INP-300x225.jpg 300w, https:\/\/projetcefel.eu\/wp-content\/uploads\/2022\/04\/INP-1024x768.jpg 1024w, https:\/\/projetcefel.eu\/wp-content\/uploads\/2022\/04\/INP-768x576.jpg 768w, https:\/\/projetcefel.eu\/wp-content\/uploads\/2022\/04\/INP-1536x1152.jpg 1536w, https:\/\/projetcefel.eu\/wp-content\/uploads\/2022\/04\/INP-800x600.jpg 800w\" sizes=\"(max-width: 149px) 100vw, 149px\" \/><b><\/b><b><\/b>[\/vc_column_text][\/vc_column][vc_column width=\u00a0\u00bb3\/4&Prime;][vc_column_text]<\/p>\n<p class=\"p1\"><strong>Institut National du Patrimoine Tunisie<\/strong><\/p>\n<p class=\"p2\">04, place du ch\u00e2teau 1008 Tunis<\/p>\n<p class=\"p2\">T\u00e9l. +216 71 561 622<\/p>\n<p class=\"p2\">Fax : +216 71 562 452<\/p>\n<p class=\"p3\"><span class=\"s1\">E-mail : <a href=\"mailto:directiongenerale-inp@topnet.tn\"><span class=\"s2\">directiongenerale-inp@topnet.tn<\/span><\/a><\/span><\/p>\n<p class=\"p4\"><span class=\"s3\"><a href=\"http:\/\/www.inp2020.tn\/\"><b>http:\/\/www.inp2020.tn\/<\/b><\/a><\/span><\/p>\n<p class=\"p5\">L&rsquo;institut National du Patrimoine (<b>INP<\/b>) est un \u00e9tablissement public \u00e0 caract\u00e8re administratif dot\u00e9 de la personnalit\u00e9 civile et de l&rsquo;autonomie financi\u00e8re. <b>Il<\/b><b> <\/b><b>est<\/b><b> <\/b><b>plac\u00e9<\/b><b> <\/b><b>sous<\/b><b> <\/b><b>la<\/b><b> <\/b><b>tutelle<\/b><b> <\/b><b>du Minist\u00e8re<\/b><b> <\/b><b>des<\/b><b> <\/b><b>Affaires<\/b><b> <\/b><b>Culturelles <\/b>(Tunisie). C&rsquo;est une institution scientifique et technique charg\u00e9e d&rsquo;\u00e9tablir l&rsquo;inventaire du patrimoine culturel, arch\u00e9ologique, historique, civilisationnel et artistique, de son \u00e9tude, de sa sauvegarde et de sa mise en valeur.<\/p>\n<p class=\"p8\"><b>Les missions de l&rsquo;INP<\/b><\/p>\n<p class=\"p6\"><b>Pr\u00e9server<\/b>, sauvegarder et restaurer les sites arch\u00e9ologiques, les monuments historiques et les ensembles urbains traditionnels.<\/p>\n<p class=\"p9\"><b>Organiser <\/b>et entreprendre la recherche, la fouille, l&rsquo;inventaire et la prospection dans les domaines du patrimoine arch\u00e9ologique, historique et civilisationnel \u00e0 travers les diff\u00e9rentes p\u00e9riodes.<\/p>\n<p class=\"p10\"><b>Collecter <\/b>le patrimoine traditionnel et les arts populaires, faire appara\u00eetre leur valeur civilisationnelle, les inventorier, les \u00e9tudier et les exposer.<\/p>\n<p class=\"p10\"><b>Entreprendre <\/b>tous les travaux de recherche, de sauvegarde, de protection, de restauration et d&rsquo;exposition des documents ayant une valeur historique, civilisationnelle, scientifique et artistique (manuscrits et imprim\u00e9s, documents audio-visuels quel que soit leur support, \u0153uvres artistiques quelles que soient leurs mati\u00e8res, leurs techniques d&rsquo;ex\u00e9cution comme les arts plastiques, les meubles&#8230;)<\/p>\n<p class=\"p11\"><b>Cr\u00e9er <\/b>des mus\u00e9es, sauvegarder leurs collections et y promouvoir les m\u00e9thodes d&rsquo;exposition.<\/p>\n<p class=\"p10\"><b>Publier <\/b>les \u00e9tudes scientifiques et culturelles et les diffuser.<\/p>\n<p class=\"p10\"><b>Participer <\/b>\u00e0 la valorisation du patrimoine et \u00e0 sa promotion par tous les moyens audio-visuels et \u00e9crits, par l&rsquo;organisation d&rsquo;expositions, de congr\u00e8s et de colloques \u00e0 l&rsquo;\u00e9chelle nationale et internationale.<\/p>\n<p class=\"p10\"><b>Former <\/b>les cadres, les recycler et les entra\u00eener aux travaux des diff\u00e9rents secteurs scientifiques et techniques.<\/p>\n<p class=\"p11\"><b>Coop\u00e9ration Internationale<\/b><\/p>\n<p class=\"p10\">L\u2019INP entretient des relations de coop\u00e9ration avec les instances et les organisations internationales concern\u00e9es par le patrimoine tel que l\u2019UNESCO, l\u2019ALESCO, l\u2019ICOM, l\u2019ICOMOS, l\u2019ICROM, il est \u00e9galement engag\u00e9 dans plusieurs r\u00e9seaux euro- m\u00e9diterran\u00e9ens. Au niveau bilat\u00e9ral, l\u2019INP a d\u00e9velopp\u00e9 et entrepris la r\u00e9alisation de plusieurs projets de recherche, de sauvegarde, de mise en valeur et de publications avec diverses institutions universitaires<span class=\"s22\"><span class=\"Apple-converted-space\">\u00a0 <\/span><\/span>et<span class=\"s22\"><span class=\"Apple-converted-space\">\u00a0 <\/span><\/span>culturelles<span class=\"s22\"><span class=\"Apple-converted-space\">\u00a0 <\/span><\/span>Maghr\u00e9bines,<span class=\"s22\"><span class=\"Apple-converted-space\">\u00a0 <\/span><\/span>Arabes,<span class=\"s22\"><span class=\"Apple-converted-space\">\u00a0 <\/span><\/span>M\u00e9diterran\u00e9ennes,<span class=\"s22\"><span class=\"Apple-converted-space\">\u00a0 <\/span><\/span>Europ\u00e9ennes<span class=\"s22\"><span class=\"Apple-converted-space\">\u00a0 <\/span><\/span>et <span class=\"s3\">Am\u00e9ricaines.<\/span><\/p>\n<p>[\/vc_column_text][\/vc_column][\/vc_row][vc_row full_screen_section_height=\u00a0\u00bbno\u00a0\u00bb css=\u00a0\u00bb.vc_custom_1649665518885{padding-top: 50px !important;padding-bottom: 50px !important;}\u00a0\u00bb][vc_column width=\u00a0\u00bb1\/4&Prime;][vc_column_text]<\/p>\n<p style=\"text-align: center;\">\u00a0<img loading=\"lazy\" class=\"alignnone wp-image-612\" src=\"https:\/\/projetcefel.eu\/wp-content\/uploads\/2022\/04\/Logo-ISMPT-300x289.jpg\" alt=\"\" width=\"100\" height=\"96\" srcset=\"https:\/\/projetcefel.eu\/wp-content\/uploads\/2022\/04\/Logo-ISMPT-300x289.jpg 300w, https:\/\/projetcefel.eu\/wp-content\/uploads\/2022\/04\/Logo-ISMPT-1024x985.jpg 1024w, https:\/\/projetcefel.eu\/wp-content\/uploads\/2022\/04\/Logo-ISMPT-768x739.jpg 768w, https:\/\/projetcefel.eu\/wp-content\/uploads\/2022\/04\/Logo-ISMPT-1536x1477.jpg 1536w, https:\/\/projetcefel.eu\/wp-content\/uploads\/2022\/04\/Logo-ISMPT.jpg 1724w\" sizes=\"(max-width: 100px) 100vw, 100px\" \/><\/p>\n<p>[\/vc_column_text][\/vc_column][vc_column width=\u00a0\u00bb3\/4&Prime;][vc_column_text]<\/p>\n<p class=\"p1\"><b>Pr\u00e9sentation<\/b><b> <\/b><b>de<\/b><b> <\/b><b>l\u2019Institut<\/b><b> <\/b><b>Sup\u00e9rieur<\/b><b> <\/b><b>des<\/b><b> <\/b><b>M\u00e9tiers<\/b><b> <\/b><b>du<\/b><b> <\/b><b>Patrimoine<\/b><b> <\/b><b>de<\/b><span class=\"s4\"><b>Tunis<\/b><\/span><b> <\/b><span class=\"s4\"><b>(ISMPT)<\/b><\/span><\/p>\n<ul class=\"ul1\">\n<li class=\"li3\"><span class=\"s6\">L\u2019In<\/span>stitut Sup\u00e9rieur des M\u00e9tiers du Patrimoine de Tunis a \u00e9t\u00e9 cr\u00e9\u00e9 en juin 2000<\/li>\n<li class=\"li3\">L\u2019\u00e9tablissement<span class=\"s8\"><span class=\"Apple-converted-space\">\u00a0 <\/span><\/span>est<span class=\"s8\"><span class=\"Apple-converted-space\">\u00a0 <\/span><\/span>sous<span class=\"s9\"><span class=\"Apple-converted-space\">\u00a0 <\/span><\/span>la<span class=\"s8\"><span class=\"Apple-converted-space\">\u00a0 <\/span><\/span>tutelle<span class=\"s9\"><span class=\"Apple-converted-space\">\u00a0 <\/span><\/span>du<span class=\"s8\"><span class=\"Apple-converted-space\">\u00a0 <\/span><\/span>Minist\u00e8re<span class=\"s9\"><span class=\"Apple-converted-space\">\u00a0 <\/span><\/span>de l\u2019Enseignement Sup\u00e9rieur et de la Recherche Scientifique. Il fait partie des quinze \u00e9tablissements universitaires qui d\u00e9pendent de l\u2019Universit\u00e9 de Tunis<\/li>\n<li class=\"li3\">Il est consid\u00e9r\u00e9 comme le premier et l\u2019unique institut du pays, du Maghreb et d\u2019Afrique, sp\u00e9cialis\u00e9 dans la formation aux M\u00e9tiers du Patrimoine<\/li>\n<li class=\"li3\">L\u2019InstitutSup\u00e9rieurdesM\u00e9tiersduPatrimoineestdirig\u00e9parunedirectrice(M<sup>me<\/sup>Zohra El Asmi-Djellouli), actuellement r\u00e9 \u00e9lue pour un mandat de trois ans. L\u2019administration est g\u00e9r\u00e9e une secr\u00e9taire g\u00e9n\u00e9rale, un premier secr\u00e9taire.<span class=\"s18\"><span class=\"Apple-converted-space\">\u00a0 <\/span><\/span>Deux chefs de d\u00e9partement, un conseil scientifique et un comit\u00e9 p\u00e9dagogique veillent aux affaires p\u00e9dagogiques.<\/li>\n<li class=\"li3\">Le corps enseignant de l\u2019ISMPT est repr\u00e9sentatif de la nature et des exigences pluridisciplinaires de la formation aux M\u00e9tiers du <span class=\"s4\">Patrimoine.<\/span><\/li>\n<\/ul>\n<p class=\"p10\"><span class=\"s20\"><b>Les Programmes d\u2019enseignements des Licences et des Masters<\/b><\/span><\/p>\n<ul class=\"ul1\">\n<li class=\"li11\"><span class=\"s20\"><b>Licences :<\/b><\/span><\/li>\n<li class=\"li11\"><b>Licence en Conservation et Restauration des Biens Culturels <\/b><b>avec<\/b><b> <\/b><b>deux<\/b><b> <\/b><b>parcours<\/b><b> <\/b><b>:<\/b><\/li>\n<\/ul>\n<p class=\"p13\">1. <span class=\"s20\">Mat\u00e9riaux en pierre et d\u00e9riv\u00e9s<\/span><\/p>\n<p class=\"p13\">2. <span class=\"s20\">Bois sculpt\u00e9 et peint<\/span><\/p>\n<p class=\"p10\"><b>Licence<\/b><b> <\/b><b>en<\/b><b> <\/b><b>Valorisation<\/b><b> <\/b><b>et<\/b><b> <\/b><b>Promotion<\/b><b> <\/b><b>du<\/b><b> <\/b><b>Patrimoine<\/b><b> <\/b><b>avec<\/b><b> <\/b><b>deux <\/b><b>parcours<\/b><b> <\/b><b>:<\/b><\/p>\n<p class=\"p16\">1. <span class=\"s20\">Patrimoine Naturel<\/span><\/p>\n<p class=\"p18\">2. <span class=\"s20\">Patrimoine Culturel<\/span><\/p>\n<p class=\"p19\"><span class=\"s20\"><b>Mast\u00e8res :<\/b><\/span><\/p>\n<p class=\"p1\"><b>Mast\u00e8re Professionnel en Promotion Touristique du Patrimoine avec <\/b><b>deux parcours:<\/b><\/p>\n<ol class=\"ol1\">\n<li class=\"li20\"><span class=\"s20\">Patrimoine Naturel<\/span><\/li>\n<li class=\"li21\"><span class=\"s20\">Patrimoine Culturel<\/span><\/li>\n<\/ol>\n<p class=\"p1\"><b>Mast\u00e8re Professionnel en Restauration des Biens Patrimoniaux avec <\/b><b>trois parcours:<\/b><\/p>\n<p class=\"p22\"><span class=\"s20\">1.<\/span> <span class=\"s20\">Parcours Bois<\/span><\/p>\n<p class=\"p22\"><span class=\"s20\">2.<\/span> <span class=\"s20\">Parcours Pierre<\/span><\/p>\n<p class=\"p13\"><span class=\"s20\">3.<\/span> <span class=\"s20\">Parcours Gestion et Conservation de la Biodiversit\u00e9.<\/span><\/p>\n<p class=\"p1\"><span class=\"s20\"><b>Actuellement,<\/b><\/span><b> <\/b><span class=\"s20\"><b>le<\/b><\/span><b> <\/b><span class=\"s20\"><b>site<\/b><\/span><b> <\/b><span class=\"s20\"><b>web<\/b><\/span><b> <\/b><span class=\"s20\"><b>de<\/b><\/span><b> <\/b><span class=\"s20\"><b>l\u2019I.S.M.P.Tunis<\/b><\/span><b> <\/b><span class=\"s20\"><b>est<\/b><\/span><b> <\/b><span class=\"s20\"><b>en<\/b><\/span><b> <\/b><span class=\"s20\"><b>r\u00e9novation.<\/b><\/span><\/p>\n<p class=\"p25\"><span class=\"s20\"><b>Une<\/b><\/span><b> <\/b><span class=\"s20\"><b>page<\/b><\/span><b> <\/b><span class=\"s20\"><b>facebook<\/b><\/span><b> <\/b><span class=\"s20\"><b>est<\/b><\/span><b> <\/b><span class=\"s20\"><b>tout<\/b><\/span><b> <\/b><span class=\"s20\"><b>de<\/b><\/span><b> <\/b><span class=\"s20\"><b>m\u00eame<\/b><\/span><b> <\/b><span class=\"s20\"><b>fonctionnelle.<\/b><\/span><\/p>\n<p class=\"p26\"><span class=\"s20\"><a href=\"https:\/\/www.facebook.com\/profile.php?id=100005286316954\"><span class=\"Apple-converted-space\">\u00a0<\/span>Ismpt Ismpt | Facebook<\/a><\/span><\/p>\n<p class=\"p27\">Le site de l\u2019Universit\u00e9 de Tunis peut aussi fournir des informations sur l\u2019I.S.M.P.Tunis<\/p>\n<p class=\"p29\"><span class=\"s25\"><a href=\"http:\/\/www.utunis.rnu.tn\/\"><b>http:\/\/www.utunis.rnu.tn\/<\/b><\/a><\/span><\/p>\n<p>[\/vc_column_text][\/vc_column][\/vc_row][vc_row full_screen_section_height=\u00a0\u00bbno\u00a0\u00bb css=\u00a0\u00bb.vc_custom_1649665518885{padding-top: 50px !important;padding-bottom: 50px !important;}\u00a0\u00bb][vc_column width=\u00a0\u00bb1\/4&Prime;][vc_column_text]<\/p>\n<p style=\"text-align: center;\">\u00a0<img loading=\"lazy\" class=\"alignnone wp-image-644 \" src=\"https:\/\/projetcefel.eu\/wp-content\/uploads\/2022\/04\/Logo-AMVPPC.jpg\" alt=\"\" width=\"142\" height=\"107\" \/><\/p>\n<p>[\/vc_column_text][\/vc_column][vc_column width=\u00a0\u00bb3\/4&Prime;][vc_column_text]<\/p>\n<p class=\"p1\"><b>L\u2019 Agence de Mise en Valeur du Patrimoine et de Promotion Culturelle (AMVPPC)<\/b><\/p>\n<p class=\"p2\"><span class=\"s1\">Cr\u00e9\u00e9e en 1988<\/span> <span class=\"s1\">sous<\/span> <span class=\"s1\">la<\/span> <span class=\"s1\">d\u00e9nomination<\/span> <span class=\"s1\">d\u2019Agence<\/span> <span class=\"s1\">Nationale<\/span> <span class=\"s1\">de<\/span> <span class=\"s1\">Mise<\/span> <span class=\"s1\">en<\/span> <span class=\"s1\">Valeur<\/span> <span class=\"s1\">et<\/span> <span class=\"s1\">d\u2019Exploitation<\/span> <span class=\"s1\">du<\/span> <span class=\"s1\">Patrimoine<\/span> <span class=\"s1\">Arch\u00e9ologique<\/span> <span class=\"s1\">et<\/span> <span class=\"s1\">Historique<\/span> <span class=\"s1\">(ou<\/span> <span class=\"s1\">ANEP),<\/span> <span class=\"s1\">en<\/span> <span class=\"s1\">vertu<\/span> <span class=\"s1\">de<\/span> <span class=\"s1\">la<\/span> <span class=\"s1\">loi<\/span> <span class=\"s1\">n\u00b0<\/span> <span class=\"s1\">88<\/span> <span class=\"s1\">du<\/span> <span class=\"s1\">25<\/span> <span class=\"s1\">f\u00e9vrier<\/span> <span class=\"s1\">1988,<\/span> <span class=\"s1\">modifi\u00e9e par<\/span> <span class=\"s1\">la<\/span> <span class=\"s1\">loi<\/span> <span class=\"s1\">97-16,<\/span> <span class=\"s1\">du<\/span> <span class=\"s1\">3<\/span> <span class=\"s1\">mars<\/span> <span class=\"s1\">1997<\/span> <span class=\"s1\">pour<\/span> <span class=\"s1\">devenir<\/span> <span class=\"s1\">Agence<\/span> <span class=\"s1\">de<\/span> <span class=\"s1\">Mise<\/span> <span class=\"s1\">en<\/span> <span class=\"s1\">Valeur<\/span> <span class=\"s1\">du<\/span> <span class=\"s1\">Patrimoine<\/span> <span class=\"s1\">et<\/span> <span class=\"s1\">de<\/span> <span class=\"s1\">Promotion Culturelle. <\/span>C\u2019est un \u00e9tablissement public \u00e0 caract\u00e8re non administratif dot\u00e9 de la personnalit\u00e9 civile, de l\u2019autonomie financi\u00e8re, soumis \u00e0 la l\u00e9gislation commerciale et plac\u00e9 sous la tutelle du Minist\u00e8re charg\u00e9 de la Culture.<\/p>\n<p class=\"p5\"><b>Sa Mission<\/b><\/p>\n<p class=\"p2\">Mettre en \u0153uvre la politique de l\u2019\u00e9tat dans les diff\u00e9rents domaines culturels, notamment ceux li\u00e9s \u00e0 la mise en valeur du patrimoine culturel sous toutes ses formes et \u00e0 la gestion et l\u2019exploitation commerciale des divers sites arch\u00e9ologiques, monuments et mus\u00e9es sur tout le territoire la R\u00e9publique Tunisienne.<\/p>\n<p class=\"p5\"><b>Sa Vision<\/b><\/p>\n<ul class=\"ul1\">\n<li class=\"li6\">Valoriser le patrimoine mat\u00e9riel et immat\u00e9riel, en tant que signe d\u2019identit\u00e9 et d\u2019appartenance.<\/li>\n<\/ul>\n<ul class=\"ul1\">\n<li class=\"li8\">Rendre le patrimoine un secteur strat\u00e9gique qui figure parmi les priorit\u00e9s de l\u2019Etat.<\/li>\n<\/ul>\n<ul class=\"ul1\">\n<li class=\"li10\">Changer de paradigme dans le domaine du patrimoine et en faire un des piliers du d\u00e9veloppement durable et un levier \u00e9conomique sur le plan local, r\u00e9gional et national.<\/li>\n<\/ul>\n<ul class=\"ul1\">\n<li class=\"li10\">Aligner le patrimoine culturel tunisien aux normes internationales et promouvoir un tourisme culturel de qualit\u00e9.<\/li>\n<\/ul>\n<p class=\"p13\"><b>Sa Strat\u00e9gie<\/b><\/p>\n<ul class=\"ul1\">\n<li class=\"li14\">Int\u00e9grer le patrimoine dans la r\u00e9volution num\u00e9rique \u00e0 travers les projets de num\u00e9risation de l&rsquo;administration et de ses services ainsi que l&rsquo;utilisation des nouvelles technologies (la r\u00e9alit\u00e9 virtuelle [VR] et la r\u00e9alit\u00e9 augment\u00e9e [AR]) comme outil de valorisation du patrimoine.<\/li>\n<\/ul>\n<ul class=\"ul1\">\n<li class=\"li16\">Promouvoir les produits culturels tunisiens dans toutes ses expressions \u00e0 l\u2019\u00e9chelle nationale et internationale.<\/li>\n<\/ul>\n<ul class=\"ul1\">\n<li class=\"li16\">D\u00e9velopper et diversifier constamment les services et produits culturels du patrimoine immat\u00e9riel tout en assurant leur qualit\u00e9 et leur originalit\u00e9.<\/li>\n<\/ul>\n<ul class=\"ul1\">\n<li class=\"li10\">Renforcer la coop\u00e9ration internationale et l&rsquo;investissement culturel \u00e0 travers des partenariats avec diff\u00e9rentes institutions et organismes <span class=\"s28\">publics,<\/span> <span class=\"s28\">priv\u00e9s<\/span> <span class=\"s28\">et<\/span> <span class=\"s28\">tissu<\/span> associatif.<\/li>\n<\/ul>\n<ul class=\"ul1\">\n<li class=\"li10\">Contribuer \u00e0 la cr\u00e9ation d&rsquo;un dynamisme touristique dans les diff\u00e9rentes r\u00e9gions \u00e0 travers des initiatives visant \u00e0 promouvoir les sites arch\u00e9ologiques, monuments et mus\u00e9es, et \u00e0 cr\u00e9er des itin\u00e9raires culturels idoines.<\/li>\n<\/ul>\n<p class=\"p13\"><b>Ses Domaines d\u2019activit\u00e9s<\/b><\/p>\n<ul class=\"ul1\">\n<li class=\"li19\">La gestion et la mise en valeur du patrimoine arch\u00e9ologique dans un ensemble de sites arch\u00e9ologiques, monuments et mus\u00e9es.<\/li>\n<\/ul>\n<p class=\"p21\">&#8211; La mise en place de structures d&rsquo;accueil et de panneaux didactiques et explicatifs dans les diff\u00e9rents sites arch\u00e9ologiques, monuments et mus\u00e9es sous sa tutelle.<\/p>\n<ul class=\"ul1\">\n<li class=\"li23\">La mise en \u0153uvre de programmes culturels et de diverses manifestations culturelles en collaboration avec des institutions, organismes et associations.<\/li>\n<\/ul>\n<ul class=\"ul1\">\n<li class=\"li23\">\u00c9dition, publication et promotion d\u2019ouvrages de vulgarisation sur le patrimoine afin de mieux d\u00e9velopper la cr\u00e9ativit\u00e9 intellectuelle et litt\u00e9raire.<\/li>\n<\/ul>\n<ul class=\"ul1\">\n<li class=\"li8\">Cr\u00e9ation et promotion de produits inspir\u00e9s du patrimoine.<\/li>\n<\/ul>\n<ul class=\"ul1\">\n<li class=\"li23\">Autorisation pour l&rsquo;organisation d&rsquo;\u00e9v\u00e9nements ludiques et\/ou commerciaux dans les sites et monuments historiques, en coordination avec l\u2019INP.<\/li>\n<\/ul>\n<ul class=\"ul1\">\n<li class=\"li8\">L\u2019implication dans l&rsquo;investissement dans des projets culturels notamment ceux li\u00e9s \u00e0 la cr\u00e9ation d&rsquo;industries culturelles cr\u00e9atives.<\/li>\n<\/ul>\n<p class=\"p5\"><b>Site web :<\/b><\/p>\n<p class=\"p25\"><span class=\"s35\"><a href=\"https:\/\/tunisiepatrimoine.tn\/\"><b>https:\/\/tunisiepatrimoine.tn<\/b><\/a><\/span><\/p>\n<p>[\/vc_column_text][\/vc_column][\/vc_row]<\/p>\n","protected":false},"excerpt":{"rendered":"<p>[vc_row full_screen_section_height=\u00a0\u00bbno\u00a0\u00bb css=\u00a0\u00bb.vc_custom_1649665509885{padding-top: 50px !important;padding-bottom: 50px !important;}\u00a0\u00bb][vc_column width=\u00a0\u00bb1\/4&Prime;][vc_column_text] [\/vc_column_text][\/vc_column][vc_column width=\u00a0\u00bb3\/4&Prime;][vc_column_text] Le Consortium Universitaire Empedocle Agrigento est un organisme public fond\u00e9 en 1994 dans le but de promouvoir l&rsquo;\u00e9tablissement \u00e0 but non lucratif dans la province d&rsquo;Agrigente de d\u00e9partements, fili\u00e8res d&rsquo;\u00e9tudes, \u00e9coles doctorales, masters, fili\u00e8res postuniversitaires&#8230;<\/p>\n","protected":false},"author":1,"featured_media":0,"parent":0,"menu_order":0,"comment_status":"closed","ping_status":"closed","template":"","meta":{"inline_featured_image":false},"_links":{"self":[{"href":"https:\/\/projetcefel.eu\/fr\/wp-json\/wp\/v2\/pages\/549"}],"collection":[{"href":"https:\/\/projetcefel.eu\/fr\/wp-json\/wp\/v2\/pages"}],"about":[{"href":"https:\/\/projetcefel.eu\/fr\/wp-json\/wp\/v2\/types\/page"}],"author":[{"embeddable":true,"href":"https:\/\/projetcefel.eu\/fr\/wp-json\/wp\/v2\/users\/1"}],"replies":[{"embeddable":true,"href":"https:\/\/projetcefel.eu\/fr\/wp-json\/wp\/v2\/comments?post=549"}],"version-history":[{"count":1,"href":"https:\/\/projetcefel.eu\/fr\/wp-json\/wp\/v2\/pages\/549\/revisions"}],"predecessor-version":[{"id":550,"href":"https:\/\/projetcefel.eu\/fr\/wp-json\/wp\/v2\/pages\/549\/revisions\/550"}],"wp:attachment":[{"href":"https:\/\/projetcefel.eu\/fr\/wp-json\/wp\/v2\/media?parent=549"}],"curies":[{"name":"wp","href":"https:\/\/api.w.org\/{rel}","templated":true}]}}