{"id":542,"date":"2022-04-05T13:12:30","date_gmt":"2022-04-05T11:12:30","guid":{"rendered":"https:\/\/projetcefel.eu\/?page_id=542"},"modified":"2022-05-12T12:19:21","modified_gmt":"2022-05-12T10:19:21","slug":"mission","status":"publish","type":"page","link":"https:\/\/projetcefel.eu\/fr\/mission\/","title":{"rendered":"MISSION"},"content":{"rendered":"<p>[vc_row full_screen_section_height=\u00a0\u00bbno\u00a0\u00bb][vc_column][vc_column_text]<\/p>\n<p class=\"p1\" style=\"text-align: justify;\">Le projet CEFEL vise \u00e0 cr\u00e9er un mod\u00e8le innovant d&rsquo;analyse et de r\u00e9ponse aux besoins du march\u00e9 du travail, avec une r\u00e9f\u00e9rence sp\u00e9cifique au secteur du patrimoine culturel et aux figures professionnelles travaillant au sein des sites arch\u00e9ologiques. Il entend de cette fa\u00e7on r\u00e9duire le ph\u00e9nom\u00e8ne de \u00ab mismatching \u00bb, c\u2019est-\u00e0-dire de non-satisfaction de la demande et de l&rsquo;offre, gr\u00e2ce \u00e0 la mise en place d&rsquo;outils op\u00e9rationnels pour la d\u00e9finition de l&rsquo;offre de formation. Il entend \u00e9galement contribuer \u00e0 la cr\u00e9ation d&rsquo;entreprise et stimuler la demande de nouveaux emplois dans l&rsquo;offre de biens et services innovants \u00e0 offrir aux gestionnaires de sites arch\u00e9ologiques. Les deux territoires, Sicile et Tunisie, pr\u00e9sentent des d\u00e9fis similaires (besoins en emploi des jeunes dipl\u00f4m\u00e9s) et doivent r\u00e9duire le ph\u00e9nom\u00e8ne du mismatching, ainsi que d&rsquo;am\u00e9liorer l&rsquo;\u00e9change d&rsquo;informations et la coop\u00e9ration internationale entre le march\u00e9 du travail et les centres de formation. Le coeur du projet est le type d\u2019approche fond\u00e9 sur la construction participative de l\u2019offre de formation. L&rsquo;une des opportunit\u00e9s que le projet entend mettre en oeuvre est la diffusion (via la plate-forme num\u00e9rique et une APP) de la connaissance des outils et programmes d&rsquo;aide \u00e0 l&rsquo;int\u00e9gration sur le march\u00e9 du travail con\u00e7us principalement pour les titulaires d&rsquo;une ma\u00eetrise en Tunisie. Il entend \u00e9galement soutenir la cr\u00e9ation d&rsquo;entreprises et la cr\u00e9ation d&rsquo;associations professionnelles pouvant s&rsquo;int\u00e9grer dans le monde du travail pour les biens et services culturels. Il entend encore accompagner les entreprises et les aider dans la recherche des incitations et avantages accord\u00e9s par l&rsquo;\u00c9tat tunisien aux entreprises qui investissent dans des secteurs pr\u00e9sentant un potentiel d&#8217;emploi \u00e9lev\u00e9 dans l&rsquo;enseignement sup\u00e9rieur. Enfin, il entend offrir aux jeunes dipl\u00f4m\u00e9s et titulaires d&rsquo;une ma\u00eetrise dans le secteur des biens culturels la possibilit\u00e9 d&rsquo;aborder de nouvelles th\u00e9matiques pour un r\u00e9alignement de leurs comp\u00e9tences, construit sur la base de la demande du march\u00e9 du travail.<\/p>\n<p>[\/vc_column_text][\/vc_column][\/vc_row]<\/p>\n","protected":false},"excerpt":{"rendered":"<p>[vc_row full_screen_section_height=\u00a0\u00bbno\u00a0\u00bb][vc_column][vc_column_text] Le projet CEFEL vise \u00e0 cr\u00e9er un mod\u00e8le innovant d&rsquo;analyse et de r\u00e9ponse aux besoins du march\u00e9 du travail, avec une r\u00e9f\u00e9rence sp\u00e9cifique au secteur du patrimoine culturel et aux figures professionnelles travaillant au sein des sites arch\u00e9ologiques. Il entend de cette fa\u00e7on&#8230;<\/p>\n","protected":false},"author":1,"featured_media":0,"parent":0,"menu_order":0,"comment_status":"closed","ping_status":"closed","template":"","meta":{"inline_featured_image":false},"_links":{"self":[{"href":"https:\/\/projetcefel.eu\/fr\/wp-json\/wp\/v2\/pages\/542"}],"collection":[{"href":"https:\/\/projetcefel.eu\/fr\/wp-json\/wp\/v2\/pages"}],"about":[{"href":"https:\/\/projetcefel.eu\/fr\/wp-json\/wp\/v2\/types\/page"}],"author":[{"embeddable":true,"href":"https:\/\/projetcefel.eu\/fr\/wp-json\/wp\/v2\/users\/1"}],"replies":[{"embeddable":true,"href":"https:\/\/projetcefel.eu\/fr\/wp-json\/wp\/v2\/comments?post=542"}],"version-history":[{"count":1,"href":"https:\/\/projetcefel.eu\/fr\/wp-json\/wp\/v2\/pages\/542\/revisions"}],"predecessor-version":[{"id":543,"href":"https:\/\/projetcefel.eu\/fr\/wp-json\/wp\/v2\/pages\/542\/revisions\/543"}],"wp:attachment":[{"href":"https:\/\/projetcefel.eu\/fr\/wp-json\/wp\/v2\/media?parent=542"}],"curies":[{"name":"wp","href":"https:\/\/api.w.org\/{rel}","templated":true}]}}