{"id":539,"date":"2022-04-05T13:10:39","date_gmt":"2022-04-05T11:10:39","guid":{"rendered":"https:\/\/projetcefel.eu\/?page_id=539"},"modified":"2022-05-12T12:19:37","modified_gmt":"2022-05-12T10:19:37","slug":"projet","status":"publish","type":"page","link":"https:\/\/projetcefel.eu\/fr\/projet\/","title":{"rendered":"PROJET"},"content":{"rendered":"<p>[vc_row full_screen_section_height=\u00a0\u00bbno\u00a0\u00bb][vc_column][vc_column_text]<\/p>\n<p class=\"p1\" style=\"text-align: justify;\">Le projet vise \u00e0 promouvoir la coop\u00e9ration entre la Sicile et la Tunisie dans le domaine des biens culturels en favorisant la cr\u00e9ation de programmes conjoints de formation et le d\u00e9veloppement d\u2019une offre de travail sp\u00e9cialis\u00e9e utilisable dans les deux r\u00e9gions. Le projet d\u00e9coule de la n\u00e9cessit\u00e9 pour les partenaires de d\u00e9finir un mod\u00e8le d\u2019int\u00e9gration entre les entreprises actives dans le secteur des biens culturels, les organismes de gestion des sites arch\u00e9ologiques et le syst\u00e8me de formation professionnelle afin de faciliter la rencontre entre la demande et l\u2019offre de travail. L&rsquo;intervention est structur\u00e9e de mani\u00e8re \u00e0 agir en parall\u00e8le sur tous les acteurs du secteur, en transf\u00e9rant des comp\u00e9tences au sein de la fili\u00e8re et en cr\u00e9ant une convergence d&rsquo;objectifs et d&rsquo;actions susceptibles d&rsquo;accro\u00eetre l&rsquo;impact \u00e9conomique et social du secteur. Les institutions qui g\u00e8rent les sites arch\u00e9ologiques et les entreprises d\u00e9j\u00e0 actives dans le secteur ont besoin d&rsquo;avoir des figures professionnelles pas disponibles sur le march\u00e9 en raison de l&rsquo;absence de programmes de formation ad\u00e9quats. Les m\u00eames organismes n\u00e9gligent parfois les opportunit\u00e9s de march\u00e9 qui pourraient se d\u00e9velopper au profit du contexte de r\u00e9f\u00e9rence et les entreprises n\u2019ont pas toujours les comp\u00e9tences n\u00e9cessaires pour d\u00e9finir l&rsquo;offre de produits\/services innovants. Les syst\u00e8mes traditionnels qui devraient permettre la rencontre entre l&rsquo;offre et la demande en Sicile et en Tunisie n&rsquo;ont pas donn\u00e9 de r\u00e9sultats satisfaisants \u00e0 ce jour. Le projet tend \u00e0 combler cette lacune en intervenant \u00e0 la fois de la demande et de l&rsquo;offre.<\/p>\n<p>&nbsp;<\/p>\n<h5 class=\"p1\"><strong><span class=\"s1\">GROUPES CIBLES DU PROJET<\/span><\/strong><\/h5>\n<p>1. Les Jeunes titulaires d\u2019un baccalaur\u00e9at \u00e0 la recherche d&rsquo;un premier emploi. Les activit\u00e9s de formation int\u00e9gr\u00e9e s&rsquo;adressent en fait \u00e9galement aux jeunes dipl\u00f4m\u00e9s de l&rsquo;enseignement sup\u00e9rieur ;<br \/>\n2. Les jeunes titulaires d&rsquo;une ma\u00eetrise qui tardent \u00e0 entrer dans le monde du travail ;<br \/>\n3. Les institutions de formation professionnelle;<br \/>\n4. Les employ\u00e9s de soci\u00e9t\u00e9s et\/ou d&rsquo;associations proposant des biens et des services aux gestionnaires de sites arch\u00e9ologiques ;<br \/>\n5. Les employ\u00e9s des gestionnaires de sites ;<br \/>\n6. Les experts en TIC et en gestion de donn\u00e9es ;<br \/>\n7. Les associations et coop\u00e9ratives du secteur culturel ;<br \/>\n8. Les travailleurs employ\u00e9s par les entreprises de construction sp\u00e9cialis\u00e9es dans les activit\u00e9s d&rsquo;excavation ;<br \/>\n9. Les entreprises du secteur de la production artisanale et agroalimentaire.<\/p>\n<p>&nbsp;<\/p>\n<h5 class=\"p1\"><strong><span class=\"s1\">BENEFICIAIRES FINAUX<\/span><\/strong><\/h5>\n<p class=\"p3\">Les b\u00e9n\u00e9ficiaires du projet sont les utilisateurs de sites arch\u00e9ologiques, les organismes institutionnels charg\u00e9s de la formation professionnelle, le secteur de la formation sp\u00e9cialis\u00e9e dans le domaine des biens culturels, le syst\u00e8me universitaire, les associations professionnelles qui traitent avec les entreprises, les organismes de gestion des sites arch\u00e9ologiques, la communaut\u00e9 locale et les touristes. Le projet vise \u00e0 g\u00e9n\u00e9rer un effet \u00e0 long terme dans le domaine de la formation sp\u00e9cialis\u00e9e sur le march\u00e9 du travail li\u00e9e aux biens culturels.<\/p>\n<p>[\/vc_column_text][vc_empty_space][\/vc_column][\/vc_row][vc_row full_screen_section_height=\u00a0\u00bbno\u00a0\u00bb css=\u00a0\u00bb.vc_custom_1652171365808{background-color: #ededed !important;}\u00a0\u00bb][vc_column]\t<div class=\"qodef-container-inner\">\n\t<div class=\"qodef-call-to-action normal\">\n\n\t\t\t\t\t<div class=\"qodef-call-to-action-row-75-25 clearfix\" style=\"padding: 63px 0;\">\n\t\t\t\t\t\t<div class=\"qodef-text-wrapper qodef-call-to-action-column1 qodef-call-to-action-cell\">\n\t\t\t\t\t\t\t\t\t<div class=\"qodef-call-to-action-text\" >\n<h3 style=\"font-size: 24px; text-align: center;\">T\u00c9L\u00c9CHARGEZ LA BROCHURE DU PROJET CEFEL<\/h3>\n<\/div>\n\t\t\t\t<\/div>\n\n\t\t\t\t\t\t\t\t\t<div class=\"qodef-button-wrapper qodef-call-to-action-column2 qodef-call-to-action-cell\" style =\"text-align: left ;\">\n\t\t\t\t\t\t<a itemprop=\"url\" href=\"https:\/\/projetcefel.eu\/wp-content\/uploads\/2022\/05\/Progetto-_CEFEL_fr.pdf\" target=\"_self\"  class=\"qodef-btn qodef-btn-large qodef-btn-solid qodef-btn-flip\"  >    <span class=\"qodef-btn-text\">T\u00c9L\u00c9CHARGEZ<\/span>         \t    <span class=\"qodef-btn-text-flip\">\t    \t<span class=\"qodef-btn-text\">T\u00c9L\u00c9CHARGEZ<\/span>\t    \t\t    <\/span>    <\/a>\t\t\t\t\t<\/div>\n\t\t\t\t\t\t\t<\/div>\n\t\t\t<\/div>\n\t<\/div>\n[\/vc_column][\/vc_row]<\/p>\n","protected":false},"excerpt":{"rendered":"<p>[vc_row full_screen_section_height=\u00a0\u00bbno\u00a0\u00bb][vc_column][vc_column_text] Le projet vise \u00e0 promouvoir la coop\u00e9ration entre la Sicile et la Tunisie dans le domaine des biens culturels en favorisant la cr\u00e9ation de programmes conjoints de formation et le d\u00e9veloppement d\u2019une offre de travail sp\u00e9cialis\u00e9e utilisable dans les deux r\u00e9gions. Le projet&#8230;<\/p>\n","protected":false},"author":1,"featured_media":0,"parent":0,"menu_order":0,"comment_status":"closed","ping_status":"closed","template":"","meta":{"inline_featured_image":false},"_links":{"self":[{"href":"https:\/\/projetcefel.eu\/fr\/wp-json\/wp\/v2\/pages\/539"}],"collection":[{"href":"https:\/\/projetcefel.eu\/fr\/wp-json\/wp\/v2\/pages"}],"about":[{"href":"https:\/\/projetcefel.eu\/fr\/wp-json\/wp\/v2\/types\/page"}],"author":[{"embeddable":true,"href":"https:\/\/projetcefel.eu\/fr\/wp-json\/wp\/v2\/users\/1"}],"replies":[{"embeddable":true,"href":"https:\/\/projetcefel.eu\/fr\/wp-json\/wp\/v2\/comments?post=539"}],"version-history":[{"count":1,"href":"https:\/\/projetcefel.eu\/fr\/wp-json\/wp\/v2\/pages\/539\/revisions"}],"predecessor-version":[{"id":541,"href":"https:\/\/projetcefel.eu\/fr\/wp-json\/wp\/v2\/pages\/539\/revisions\/541"}],"wp:attachment":[{"href":"https:\/\/projetcefel.eu\/fr\/wp-json\/wp\/v2\/media?parent=539"}],"curies":[{"name":"wp","href":"https:\/\/api.w.org\/{rel}","templated":true}]}}